{"id":634,"date":"2024-05-03T10:04:09","date_gmt":"2024-05-03T13:04:09","guid":{"rendered":"http:\/\/gota.uns.edu.ar\/?page_id=634"},"modified":"2025-05-23T11:23:54","modified_gmt":"2025-05-23T14:23:54","slug":"posgrado","status":"publish","type":"page","link":"https:\/\/gota.uns.edu.ar\/?page_id=634","title":{"rendered":"posgrado"},"content":{"rendered":"\t\t<div data-elementor-type=\"wp-page\" data-elementor-id=\"634\" class=\"elementor elementor-634\" data-elementor-post-type=\"page\">\n\t\t\t\t<div class=\"elementor-element elementor-element-2a81c09 e-flex e-con-boxed e-con e-parent\" data-id=\"2a81c09\" data-element_type=\"container\" data-settings=\"{&quot;background_background&quot;:&quot;classic&quot;}\" data-core-v316-plus=\"true\">\n\t\t\t\t\t<div class=\"e-con-inner\">\n\t\t\t\t<div class=\"elementor-element elementor-element-02d1d64 elementor-widget elementor-widget-heading\" data-id=\"02d1d64\" data-element_type=\"widget\" data-widget_type=\"heading.default\">\n\t\t\t\t<div class=\"elementor-widget-container\">\n\t\t\t<style>\/*! elementor - v3.20.0 - 20-03-2024 *\/\n.elementor-heading-title{padding:0;margin:0;line-height:1}.elementor-widget-heading .elementor-heading-title[class*=elementor-size-]>a{color:inherit;font-size:inherit;line-height:inherit}.elementor-widget-heading .elementor-heading-title.elementor-size-small{font-size:15px}.elementor-widget-heading .elementor-heading-title.elementor-size-medium{font-size:19px}.elementor-widget-heading .elementor-heading-title.elementor-size-large{font-size:29px}.elementor-widget-heading .elementor-heading-title.elementor-size-xl{font-size:39px}.elementor-widget-heading .elementor-heading-title.elementor-size-xxl{font-size:59px}<\/style><h2 class=\"elementor-heading-title elementor-size-default\">OFERTA ACAD\u00c9MICA DE POSGRADO<\/h2>\t\t<\/div>\n\t\t\t\t<\/div>\n\t\t\t\t\t<\/div>\n\t\t\t\t<\/div>\n\t\t<div class=\"elementor-element elementor-element-59cd803 e-flex e-con-boxed e-con e-parent\" data-id=\"59cd803\" data-element_type=\"container\" data-core-v316-plus=\"true\">\n\t\t\t\t\t<div class=\"e-con-inner\">\n\t\t<div class=\"elementor-element elementor-element-f612208 e-con-full e-flex e-con e-child\" data-id=\"f612208\" data-element_type=\"container\">\n\t\t\t\t<div class=\"elementor-element elementor-element-ab7fc3f elementor-widget elementor-widget-heading\" data-id=\"ab7fc3f\" data-element_type=\"widget\" data-widget_type=\"heading.default\">\n\t\t\t\t<div class=\"elementor-widget-container\">\n\t\t\t<h2 class=\"elementor-heading-title elementor-size-default\">OBJETIVOS<br> DEL PROGRAMA<br> DE POSGRADO<\/h2>\t\t<\/div>\n\t\t\t\t<\/div>\n\t\t\t\t<\/div>\n\t\t<div class=\"elementor-element elementor-element-8fdc484 e-con-full e-flex e-con e-child\" data-id=\"8fdc484\" data-element_type=\"container\">\n\t\t\t\t<div class=\"elementor-element elementor-element-5f681d7 elementor-widget elementor-widget-text-editor\" data-id=\"5f681d7\" data-element_type=\"widget\" data-widget_type=\"text-editor.default\">\n\t\t\t\t<div class=\"elementor-widget-container\">\n\t\t\t<style>\/*! elementor - v3.20.0 - 20-03-2024 *\/\n.elementor-widget-text-editor.elementor-drop-cap-view-stacked .elementor-drop-cap{background-color:#69727d;color:#fff}.elementor-widget-text-editor.elementor-drop-cap-view-framed .elementor-drop-cap{color:#69727d;border:3px solid;background-color:transparent}.elementor-widget-text-editor:not(.elementor-drop-cap-view-default) .elementor-drop-cap{margin-top:8px}.elementor-widget-text-editor:not(.elementor-drop-cap-view-default) .elementor-drop-cap-letter{width:1em;height:1em}.elementor-widget-text-editor .elementor-drop-cap{float:left;text-align:center;line-height:1;font-size:50px}.elementor-widget-text-editor .elementor-drop-cap-letter{display:inline-block}<\/style>\t\t\t\t<p>El Programa de Posgrado del Departamento de Geograf\u00eda y Turismo tiene como objetivo la formaci\u00f3n de recursos humanos orientados a atender las crecientes exigencias de la actividad profesional en Geograf\u00eda, la investigaci\u00f3n cient\u00edfica &#8211; tecnol\u00f3gica y la docencia de nivel medio, terciario y superior universitaria.<br \/>La oferta acad\u00e9mica del Programa de Posgrado del Departamento de Geograf\u00eda y Turismo comprende la carrera del Doctorado en Geograf\u00eda y las Maestr\u00edas interdisciplinarias, interdepartamentales o interuniversitarias en que este Departamento participa derivado de acuerdos o convenios espec\u00edficos. Adem\u00e1s cuenta con la Especializaci\u00f3n en Turismo Rural y Comunitario. El conjunto conforma un sistema que se regir\u00e1 de acuerdo con las reglamentaciones vigentes en la Universidad Nacional del Sur.<\/p>\t\t\t\t\t\t<\/div>\n\t\t\t\t<\/div>\n\t\t\t\t<\/div>\n\t\t\t\t\t<\/div>\n\t\t\t\t<\/div>\n\t\t<div class=\"elementor-element elementor-element-148e347 e-flex e-con-boxed e-con e-parent\" data-id=\"148e347\" data-element_type=\"container\" data-core-v316-plus=\"true\">\n\t\t\t\t\t<div class=\"e-con-inner\">\n\t\t<div class=\"elementor-element elementor-element-0315479 e-con-full e-flex e-con e-child\" data-id=\"0315479\" data-element_type=\"container\">\n\t\t\t\t<div class=\"elementor-element elementor-element-5282a28 elementor-widget elementor-widget-heading\" data-id=\"5282a28\" data-element_type=\"widget\" data-widget_type=\"heading.default\">\n\t\t\t\t<div class=\"elementor-widget-container\">\n\t\t\t<h2 class=\"elementor-heading-title elementor-size-default\">T\u00cdTULOS<BR> OTORGADOS<BR> ACREDITACI\u00d3N<\/h2>\t\t<\/div>\n\t\t\t\t<\/div>\n\t\t\t\t<\/div>\n\t\t<div class=\"elementor-element elementor-element-39c8b2d e-con-full e-flex e-con e-child\" data-id=\"39c8b2d\" data-element_type=\"container\">\n\t\t\t\t<div class=\"elementor-element elementor-element-5e3eaa6 elementor-widget elementor-widget-text-editor\" data-id=\"5e3eaa6\" data-element_type=\"widget\" data-widget_type=\"text-editor.default\">\n\t\t\t\t<div class=\"elementor-widget-container\">\n\t\t\t\t\t\t\t<p>El t\u00edtulo que la Universidad Nacional del Sur otorgar\u00e1 a quien complete el Programa de Doctorado ser\u00e1 el de<strong>\u00a0&#8220;Doctor\/a en Geograf\u00eda&#8221;<\/strong>.\u00a0Carrera acreditada ante CONEAU con Categor\u00eda &#8220;A&#8221;\u00a0seg\u00fan Resoluci\u00f3n\u00a0RESFC-2019-381-APN-CONEAU#MECCYT con fecha 10 de septiembre de 2019. Director: Dr. Roberto Bustos Cara.<\/p><p>Los t\u00edtulos correspondientes a las Maestr\u00edas interdisciplinarias, interdepartamentales o interuniversitarias con participaci\u00f3n del Departamento de Geograf\u00eda y Turismo son los siguientes:<\/p><ul><li><strong>Mag\u00edster en Procesos Locales de Innovaci\u00f3n y Desarrollo Rural (PLIDER<\/strong>), pr\u00f3xima cohorte en Bah\u00eda Blanca 2023.\u00a0Carrera acreditada ante CONEAU con Categor\u00eda &#8220;A&#8221;\u00a0seg\u00fan Resoluci\u00f3n RESFC-2021-232-APN-CONEAU#ME con fecha 14 de julio de 2021.\u00a0Directora nodo local: Dra. Maria Amalia Lorda.<\/li><li><strong>\u00a0Mag\u00edster en Desarrollo y Gesti\u00f3n Territorial<\/strong>.\u00a0Carrera acreditada ante CONEAU con Categor\u00eda &#8220;A&#8221;\u00a0seg\u00fan Resoluci\u00f3n RESFC-2020-359-APN-CONEAU#ME con fecha 20 de noviembre de 2020. Coordinada por la Dra. Mar\u00eda Emilia Estrada, Departamento de Econom\u00eda &#8211; clic\u00a0<em><a href=\"http:\/\/www.economia.uns.edu.ar\/carreras\/maestria-en-desarrollo-y-gestion-territorial\/\">aqu\u00ed\u00a0<\/a><\/em>para acceder.<\/li><li><p><strong>Mag\u00edster en Pol\u00edticas y Estrategias<\/strong>.\u00a0Carrera acreditada ante CONEAU con Categor\u00eda &#8220;C&#8221;\u00a0seg\u00fan Resoluci\u00f3n 397\/2015 con fecha 17 de junio de 2015. Coordinada por el Dr. Sebasti\u00e1n Linares Lejarraga, Departamento de Econom\u00eda &#8211; clic\u00a0<a href=\"http:\/\/www.economia.uns.edu.ar\/carreras\/maestria-en-politicas-y-estrategias\/\"><em>aqu\u00ed\u00a0<\/em><\/a>para acceder.<\/p><\/li><\/ul><p>El t\u00edtulo que la Universidad Nacional del Sur otorgar\u00e1 a quien complete el Programa de Especializaci\u00f3n ser\u00e1 el de\u00a0<strong>&#8220;<\/strong><strong>Especialista en Turismo Rural y Comunitario&#8221;<\/strong>. Reconocimiento oficial del Ministerio de Educaci\u00f3n-Res. 1466\/2015 &#8211;\u00a0Carrera acreditada ante CONEAU con Categor\u00eda &#8220;C&#8221; seg\u00fan Resoluci\u00f3n\u00a0RESFC-2020-261-APN-CONEAU#ME con fecha 1 de septiembre de 2020. Directora: Patricia Ercolani.<\/p>\t\t\t\t\t\t<\/div>\n\t\t\t\t<\/div>\n\t\t\t\t<\/div>\n\t\t\t\t\t<\/div>\n\t\t\t\t<\/div>\n\t\t<div class=\"elementor-element elementor-element-cba4f3a e-flex e-con-boxed e-con e-parent\" data-id=\"cba4f3a\" data-element_type=\"container\" data-core-v316-plus=\"true\">\n\t\t\t\t\t<div class=\"e-con-inner\">\n\t\t\t\t<div class=\"elementor-element elementor-element-287f2d9 elementor-widget elementor-widget-accordion\" data-id=\"287f2d9\" data-element_type=\"widget\" data-widget_type=\"accordion.default\">\n\t\t\t\t<div class=\"elementor-widget-container\">\n\t\t\t<style>\/*! elementor - v3.20.0 - 20-03-2024 *\/\n.elementor-accordion{text-align:left}.elementor-accordion .elementor-accordion-item{border:1px solid #d5d8dc}.elementor-accordion .elementor-accordion-item+.elementor-accordion-item{border-top:none}.elementor-accordion .elementor-tab-title{margin:0;padding:15px 20px;font-weight:700;line-height:1;cursor:pointer;outline:none}.elementor-accordion .elementor-tab-title .elementor-accordion-icon{display:inline-block;width:1.5em}.elementor-accordion .elementor-tab-title .elementor-accordion-icon svg{width:1em;height:1em}.elementor-accordion .elementor-tab-title .elementor-accordion-icon.elementor-accordion-icon-right{float:right;text-align:right}.elementor-accordion .elementor-tab-title .elementor-accordion-icon.elementor-accordion-icon-left{float:left;text-align:left}.elementor-accordion .elementor-tab-title .elementor-accordion-icon .elementor-accordion-icon-closed{display:block}.elementor-accordion .elementor-tab-title .elementor-accordion-icon .elementor-accordion-icon-opened,.elementor-accordion .elementor-tab-title.elementor-active .elementor-accordion-icon-closed{display:none}.elementor-accordion .elementor-tab-title.elementor-active .elementor-accordion-icon-opened{display:block}.elementor-accordion .elementor-tab-content{display:none;padding:15px 20px;border-top:1px solid #d5d8dc}@media (max-width:767px){.elementor-accordion .elementor-tab-title{padding:12px 15px}.elementor-accordion .elementor-tab-title .elementor-accordion-icon{width:1.2em}.elementor-accordion .elementor-tab-content{padding:7px 15px}}.e-con-inner>.elementor-widget-accordion,.e-con>.elementor-widget-accordion{width:var(--container-widget-width);--flex-grow:var(--container-widget-flex-grow)}<\/style>\t\t<div class=\"elementor-accordion\">\n\t\t\t\t\t\t\t<div class=\"elementor-accordion-item\">\n\t\t\t\t\t<div id=\"elementor-tab-title-4241\" class=\"elementor-tab-title\" data-tab=\"1\" role=\"button\" aria-controls=\"elementor-tab-content-4241\" aria-expanded=\"false\">\n\t\t\t\t\t\t\t\t\t\t\t\t\t<span class=\"elementor-accordion-icon elementor-accordion-icon-left\" aria-hidden=\"true\">\n\t\t\t\t\t\t\t\t\t\t\t\t\t\t\t<span class=\"elementor-accordion-icon-closed\"><svg class=\"e-font-icon-svg e-far-circle\" viewBox=\"0 0 512 512\" xmlns=\"http:\/\/www.w3.org\/2000\/svg\"><path d=\"M256 8C119 8 8 119 8 256s111 248 248 248 248-111 248-248S393 8 256 8zm0 448c-110.5 0-200-89.5-200-200S145.5 56 256 56s200 89.5 200 200-89.5 200-200 200z\"><\/path><\/svg><\/span>\n\t\t\t\t\t\t\t\t<span class=\"elementor-accordion-icon-opened\"><svg class=\"e-font-icon-svg e-far-dot-circle\" viewBox=\"0 0 512 512\" xmlns=\"http:\/\/www.w3.org\/2000\/svg\"><path d=\"M256 56c110.532 0 200 89.451 200 200 0 110.532-89.451 200-200 200-110.532 0-200-89.451-200-200 0-110.532 89.451-200 200-200m0-48C119.033 8 8 119.033 8 256s111.033 248 248 248 248-111.033 248-248S392.967 8 256 8zm0 168c-44.183 0-80 35.817-80 80s35.817 80 80 80 80-35.817 80-80-35.817-80-80-80z\"><\/path><\/svg><\/span>\n\t\t\t\t\t\t\t\t\t\t\t\t\t\t<\/span>\n\t\t\t\t\t\t\t\t\t\t\t\t<a class=\"elementor-accordion-title\" tabindex=\"0\">Doctorado en Geograf\u00eda<\/a>\n\t\t\t\t\t<\/div>\n\t\t\t\t\t<div id=\"elementor-tab-content-4241\" class=\"elementor-tab-content elementor-clearfix\" data-tab=\"1\" role=\"region\" aria-labelledby=\"elementor-tab-title-4241\"><h5>Requisitos<\/h5><p>Poseer t\u00edtulo universitario, otorgado por una Universidad Nacional con una duraci\u00f3n mayor de 4 (cuatro) a\u00f1os en sus planes de estudio. En el caso de los t\u00edtulos otorgados por otras universidades del pa\u00eds o del extranjero, el aspirante a ingresar deber\u00e1 presentar el t\u00edtulo, acompa\u00f1ado por los respectivos planes de estudio certificados por las autoridades correspondientes. Los mismos ser\u00e1n examinados por la Comisi\u00f3n de Posgrado del Departamento de Geograf\u00eda y Turismo, a efectos de aconsejar la admisi\u00f3n del postulante con un dictamen fundado.<\/p><p>Adem\u00e1s, se deber\u00e1n cumplimentar 300 horas en cursos de posgrado y una tesis<\/p><p>Carrera acreditada ante CONEAU con Categoria &#8220;A&#8221; seg\u00fan Resoluci\u00f3n\u00a0RESFC-2019-381-APN-CONEAU#MECCYT con fecha 10 de septiembre de 2019.<\/p><\/div>\n\t\t\t\t<\/div>\n\t\t\t\t\t\t\t<div class=\"elementor-accordion-item\">\n\t\t\t\t\t<div id=\"elementor-tab-title-4242\" class=\"elementor-tab-title\" data-tab=\"2\" role=\"button\" aria-controls=\"elementor-tab-content-4242\" aria-expanded=\"false\">\n\t\t\t\t\t\t\t\t\t\t\t\t\t<span class=\"elementor-accordion-icon elementor-accordion-icon-left\" aria-hidden=\"true\">\n\t\t\t\t\t\t\t\t\t\t\t\t\t\t\t<span class=\"elementor-accordion-icon-closed\"><svg class=\"e-font-icon-svg e-far-circle\" viewBox=\"0 0 512 512\" xmlns=\"http:\/\/www.w3.org\/2000\/svg\"><path d=\"M256 8C119 8 8 119 8 256s111 248 248 248 248-111 248-248S393 8 256 8zm0 448c-110.5 0-200-89.5-200-200S145.5 56 256 56s200 89.5 200 200-89.5 200-200 200z\"><\/path><\/svg><\/span>\n\t\t\t\t\t\t\t\t<span class=\"elementor-accordion-icon-opened\"><svg class=\"e-font-icon-svg e-far-dot-circle\" viewBox=\"0 0 512 512\" xmlns=\"http:\/\/www.w3.org\/2000\/svg\"><path d=\"M256 56c110.532 0 200 89.451 200 200 0 110.532-89.451 200-200 200-110.532 0-200-89.451-200-200 0-110.532 89.451-200 200-200m0-48C119.033 8 8 119.033 8 256s111.033 248 248 248 248-111.033 248-248S392.967 8 256 8zm0 168c-44.183 0-80 35.817-80 80s35.817 80 80 80 80-35.817 80-80-35.817-80-80-80z\"><\/path><\/svg><\/span>\n\t\t\t\t\t\t\t\t\t\t\t\t\t\t<\/span>\n\t\t\t\t\t\t\t\t\t\t\t\t<a class=\"elementor-accordion-title\" tabindex=\"0\">Especializaci\u00f3n en Turismo rural y Comunitario <\/a>\n\t\t\t\t\t<\/div>\n\t\t\t\t\t<div id=\"elementor-tab-content-4242\" class=\"elementor-tab-content elementor-clearfix\" data-tab=\"2\" role=\"region\" aria-labelledby=\"elementor-tab-title-4242\"><p>Duraci\u00f3n:<b>\u00a01 a\u00f1o<\/b><\/p><p>Cantidad de Materias:<b>\u00a015<\/b><\/p><p>Carrera acreditada ante CONEAU con Categoria &#8220;C&#8221; seg\u00fan Resoluci\u00f3n\u00a0RESFC-2020-261-APN-CONEAU#ME con fecha 1 de septiembre de 2020.<br \/>El programa est\u00e1 orientado a profesionales universitarios que act\u00faan en el \u00e1mbito del espacio rural desde el sector p\u00fablico, en organizaciones afines (INTA; Ministerios, Municipios, Grupos Cambio Rural), docentes e investigadores y desde el sector privado, agentes y asesores.<\/p><h5>Perfil del egresado<\/h5><p>Los titulados en la Especializaci\u00f3n ser\u00e1n profesionales actualizados en el manejo de operaciones de Turismo Rural y Comunitario, con competencias en liderazgo y trabajo en equipo, manejo de conflictos, aptitudes empresariales y t\u00e9cnicas, que realicen una gesti\u00f3n eficaz de servicios tur\u00edsticos bajo criterios de sostenibilidad.<\/p><p>Se espera que el graduado de la Especializaci\u00f3n en Turismo Rural y Comunitario sea un profesional que pueda desarrollar las competencias, aptitudes y habilidades para:<\/p><ol><li>Conocer, ampliar y profundizar en los conocimientos espec\u00edficos y en las tendencias en materia de Turismo Rural y Comunitario.<\/li><li>Caracterizar de manera cr\u00edtica la evoluci\u00f3n conceptual del fen\u00f3meno tur\u00edstico enfocado en ambientes rurales.<\/li><li>Orientar las propuestas tur\u00edsticas en ambientes rurales hacia los distintos tipos de mercado.<\/li><li>Integrar los conceptos medioambientales a las propuestas de gesti\u00f3n tur\u00edstica p\u00fablica y privada en las \u00e1reas rurales.<\/li><li>Analizar, planificar, asesorar y gestionar proyectos que comprendan las diversas actividades e interacciones presentes en materia de Turismo Rural y Comunitario.<\/li><li>Aportar con nuevas ideas y herramientas para el fortalecimiento de empresas e instituciones tur\u00edsticas dedicadas a la puesta en valor y a la promoci\u00f3n del turismo rural y comunitario<\/li><li>Aportar al proceso de formaci\u00f3n en la investigaci\u00f3n y en el ejercicio de la docencia.<br \/><br \/><\/li><\/ol><h5>Duraci\u00f3n y normas del cursado<\/h5><ul><li>1 a\u00f1o &#8211; 360 horas.<\/li><li>El programa se organiza en quince cursos distribuidos en cinco m\u00f3dulos y un taller de metodolog\u00eda.<\/li><li>El cursado se llevar\u00e1 a cabo en el \u00e1mbito del Departamento de Geograf\u00eda y Turismo. La periodicidad de los Encuentros ser\u00e1 mensual, con cuatro d\u00edas de duraci\u00f3n por encuentro.<\/li><li>Es requisito indispensable la asistencia a un ochenta por ciento (80%) de las actividades programadas.<\/li><\/ul><p>Informes: Dra. Patricia Ercolani &#8211; Email: ercolani@uns.edu.ar<\/p><\/div>\n\t\t\t\t<\/div>\n\t\t\t\t\t\t\t<div class=\"elementor-accordion-item\">\n\t\t\t\t\t<div id=\"elementor-tab-title-4243\" class=\"elementor-tab-title\" data-tab=\"3\" role=\"button\" aria-controls=\"elementor-tab-content-4243\" aria-expanded=\"false\">\n\t\t\t\t\t\t\t\t\t\t\t\t\t<span class=\"elementor-accordion-icon elementor-accordion-icon-left\" aria-hidden=\"true\">\n\t\t\t\t\t\t\t\t\t\t\t\t\t\t\t<span class=\"elementor-accordion-icon-closed\"><svg class=\"e-font-icon-svg e-far-circle\" viewBox=\"0 0 512 512\" xmlns=\"http:\/\/www.w3.org\/2000\/svg\"><path d=\"M256 8C119 8 8 119 8 256s111 248 248 248 248-111 248-248S393 8 256 8zm0 448c-110.5 0-200-89.5-200-200S145.5 56 256 56s200 89.5 200 200-89.5 200-200 200z\"><\/path><\/svg><\/span>\n\t\t\t\t\t\t\t\t<span class=\"elementor-accordion-icon-opened\"><svg class=\"e-font-icon-svg e-far-dot-circle\" viewBox=\"0 0 512 512\" xmlns=\"http:\/\/www.w3.org\/2000\/svg\"><path d=\"M256 56c110.532 0 200 89.451 200 200 0 110.532-89.451 200-200 200-110.532 0-200-89.451-200-200 0-110.532 89.451-200 200-200m0-48C119.033 8 8 119.033 8 256s111.033 248 248 248 248-111.033 248-248S392.967 8 256 8zm0 168c-44.183 0-80 35.817-80 80s35.817 80 80 80 80-35.817 80-80-35.817-80-80-80z\"><\/path><\/svg><\/span>\n\t\t\t\t\t\t\t\t\t\t\t\t\t\t<\/span>\n\t\t\t\t\t\t\t\t\t\t\t\t<a class=\"elementor-accordion-title\" tabindex=\"0\">Maestr\u00eda en Desarrollo y Gesti\u00f3n Territorial<\/a>\n\t\t\t\t\t<\/div>\n\t\t\t\t\t<div id=\"elementor-tab-content-4243\" class=\"elementor-tab-content elementor-clearfix\" data-tab=\"3\" role=\"region\" aria-labelledby=\"elementor-tab-title-4243\"><h5>Objetivos<\/h5><p>La Maestr\u00eda tiene como objetivo central formar con excelencia acad\u00e9mica y profesional a graduados en disciplinas vinculadas a las Ciencias Sociales para actuar, asesorar e investigar en temas referidos al desarrollo y gesti\u00f3n territorial en \u00e1mbitos municipales, regionales y provinciales. Entre sus objetivos espec\u00edficos se destacan:<\/p><ul><li>Contribuir en la construcci\u00f3n de capacidades anal\u00edticas para el fortalecimiento de la gesti\u00f3n y la generaci\u00f3n de competencias estrat\u00e9gicas a nivel de los actores sociales con base territorial (empresariales, comunitarios, etc.) para vincular iniciativas econ\u00f3micas, sociales, pol\u00edticas, ambientales y culturales con el proceso de desarrollo local y regional;<\/li><li>Generar competencias cognitivas a nivel te\u00f3rico, metodol\u00f3gico y operativo para la investigaci\u00f3n, dise\u00f1o y gesti\u00f3n de pol\u00edticas, programas y proyectos para el desarrollo territorial a escala regional y local. Formar profesionales que contribuyan a fortalecer las instituciones, modernizar los gobiernos locales y a asociar localidades, comunidades y regiones para el desarrollo sustentable de las mismas;<\/li><li>Consolidar, desde una perspectiva interdisciplinaria, la formaci\u00f3n de docentes e investigadores que desde diferentes \u00e1reas del conocimiento se encuentren abocados a la problem\u00e1tica del desarrollo territorial;<\/li><li>Generar conocimientos y reflexi\u00f3n te\u00f3rica orientada a la acci\u00f3n, en temas vinculados al desarrollo territorial, con \u00e9nfasis en los procesos de descentralizaci\u00f3n y globalizaci\u00f3n en deferentes niveles territoriales.<br \/><br \/><\/li><\/ul><p>Programa semiestructurado<\/p><p>Modalidad presencial (25% de virtualidad)<\/p><p>700 horas (24 meses): 540 horas de cursado (320 horas de cursos de car\u00e1cter obligatorio y 120 horas de cursos optativos); y 160 horas adicionales de actividades<\/p><p>Dos cursos de nivelaci\u00f3n, 30 horas en total (presenciales y virtuales)<\/p><p>\u00a0<\/p><p>M\u00e1s informaci\u00f3n en:\u00a0<a href=\"http:\/\/www.economia.uns.edu.ar\/carreras\/maestria-en-desarrollo-y-gestion-territorial\/\" target=\"_blank\" rel=\"noopener\" data-saferedirecturl=\"https:\/\/www.google.com\/url?q=http:\/\/www.economia.uns.edu.ar\/carreras\/maestria-en-desarrollo-y-gestion-territorial\/&amp;source=gmail&amp;ust=1603282069365000&amp;usg=AFQjCNHwKELLCq8Rf9RImTFBROwuZqjCyA\">http:\/\/www.economia.uns.edu.ar\/carreras\/maestria-en-desarrollo-y-gestion-territorial\/<\/a><\/p><p>Informes: Dra. Mar\u00eda Emilia Estrada &#8211; Email:\u00a0<a href=\"mailto:mariaemiliaestrada@gmail.com\" target=\"_blank\" rel=\"noopener\">mariaemi<\/a><\/p><p>liaestrada@gmail.com<a href=\"mailto:mariaemiliaestrada@gmail.com\">mailto:mariaemiliaestrada@gmail.com<\/a><\/p><\/div>\n\t\t\t\t<\/div>\n\t\t\t\t\t\t\t<div class=\"elementor-accordion-item\">\n\t\t\t\t\t<div id=\"elementor-tab-title-4244\" class=\"elementor-tab-title\" data-tab=\"4\" role=\"button\" aria-controls=\"elementor-tab-content-4244\" aria-expanded=\"false\">\n\t\t\t\t\t\t\t\t\t\t\t\t\t<span class=\"elementor-accordion-icon elementor-accordion-icon-left\" aria-hidden=\"true\">\n\t\t\t\t\t\t\t\t\t\t\t\t\t\t\t<span class=\"elementor-accordion-icon-closed\"><svg class=\"e-font-icon-svg e-far-circle\" viewBox=\"0 0 512 512\" xmlns=\"http:\/\/www.w3.org\/2000\/svg\"><path d=\"M256 8C119 8 8 119 8 256s111 248 248 248 248-111 248-248S393 8 256 8zm0 448c-110.5 0-200-89.5-200-200S145.5 56 256 56s200 89.5 200 200-89.5 200-200 200z\"><\/path><\/svg><\/span>\n\t\t\t\t\t\t\t\t<span class=\"elementor-accordion-icon-opened\"><svg class=\"e-font-icon-svg e-far-dot-circle\" viewBox=\"0 0 512 512\" xmlns=\"http:\/\/www.w3.org\/2000\/svg\"><path d=\"M256 56c110.532 0 200 89.451 200 200 0 110.532-89.451 200-200 200-110.532 0-200-89.451-200-200 0-110.532 89.451-200 200-200m0-48C119.033 8 8 119.033 8 256s111.033 248 248 248 248-111.033 248-248S392.967 8 256 8zm0 168c-44.183 0-80 35.817-80 80s35.817 80 80 80 80-35.817 80-80-35.817-80-80-80z\"><\/path><\/svg><\/span>\n\t\t\t\t\t\t\t\t\t\t\t\t\t\t<\/span>\n\t\t\t\t\t\t\t\t\t\t\t\t<a class=\"elementor-accordion-title\" tabindex=\"0\">Maestr\u00eda en Pol\u00edticas y Estrategias<\/a>\n\t\t\t\t\t<\/div>\n\t\t\t\t\t<div id=\"elementor-tab-content-4244\" class=\"elementor-tab-content elementor-clearfix\" data-tab=\"4\" role=\"region\" aria-labelledby=\"elementor-tab-title-4244\"><h5>Objetivos<\/h5><p>Esta carrera pretende la formaci\u00f3n y perfeccionamiento sistem\u00e1tico de cuerpos de direcci\u00f3n, planificaci\u00f3n y ejecuci\u00f3n en el proceso de toma de decisiones, en el contexto de una agenda internacional compleja e imprevisible, caracterizada antes bien por la negociaci\u00f3n que por el conflicto.<\/p><p>540 h (24 meses).<\/p><p>Modalidad de cursado es cuatrimestral.<\/p><p>M\u00e1s informaci\u00f3n en:\u00a0<a href=\"http:\/\/www.economia.uns.edu.ar\/carreras\/maestria-en-politicas-y-estrategias\/\">http:\/\/www.economia.uns.edu.ar\/carreras\/maestria-en-politicas-y-estrategias\/<\/a><\/p><p>Informes: Olga Lemarchand &#8211; Email: <a href=\"mailto:olemarchand@uns.edu.ar\">olemarchand@uns.edu.ar<\/a><\/p><\/div>\n\t\t\t\t<\/div>\n\t\t\t\t\t\t\t<div class=\"elementor-accordion-item\">\n\t\t\t\t\t<div id=\"elementor-tab-title-4245\" class=\"elementor-tab-title\" data-tab=\"5\" role=\"button\" aria-controls=\"elementor-tab-content-4245\" aria-expanded=\"false\">\n\t\t\t\t\t\t\t\t\t\t\t\t\t<span class=\"elementor-accordion-icon elementor-accordion-icon-left\" aria-hidden=\"true\">\n\t\t\t\t\t\t\t\t\t\t\t\t\t\t\t<span class=\"elementor-accordion-icon-closed\"><svg class=\"e-font-icon-svg e-far-circle\" viewBox=\"0 0 512 512\" xmlns=\"http:\/\/www.w3.org\/2000\/svg\"><path d=\"M256 8C119 8 8 119 8 256s111 248 248 248 248-111 248-248S393 8 256 8zm0 448c-110.5 0-200-89.5-200-200S145.5 56 256 56s200 89.5 200 200-89.5 200-200 200z\"><\/path><\/svg><\/span>\n\t\t\t\t\t\t\t\t<span class=\"elementor-accordion-icon-opened\"><svg class=\"e-font-icon-svg e-far-dot-circle\" viewBox=\"0 0 512 512\" xmlns=\"http:\/\/www.w3.org\/2000\/svg\"><path d=\"M256 56c110.532 0 200 89.451 200 200 0 110.532-89.451 200-200 200-110.532 0-200-89.451-200-200 0-110.532 89.451-200 200-200m0-48C119.033 8 8 119.033 8 256s111.033 248 248 248 248-111.033 248-248S392.967 8 256 8zm0 168c-44.183 0-80 35.817-80 80s35.817 80 80 80 80-35.817 80-80-35.817-80-80-80z\"><\/path><\/svg><\/span>\n\t\t\t\t\t\t\t\t\t\t\t\t\t\t<\/span>\n\t\t\t\t\t\t\t\t\t\t\t\t<a class=\"elementor-accordion-title\" tabindex=\"0\">Maestr\u00eda en Red: Procesos Locales de Innovaci\u00f3n y Desarrollo Rural<\/a>\n\t\t\t\t\t<\/div>\n\t\t\t\t\t<div id=\"elementor-tab-content-4245\" class=\"elementor-tab-content elementor-clearfix\" data-tab=\"5\" role=\"region\" aria-labelledby=\"elementor-tab-title-4245\"><h5>Objetivos<\/h5><ul><li>\u00a0Formar profesionales con una visi\u00f3n cr\u00edtica y brindar herramientas operacionales para las transformaciones en los territorios rurales, facilitando la articulaci\u00f3n entre la acci\u00f3n colectiva (sociedad civil) y la acci\u00f3n p\u00fablica.<\/li><li>\u00a0Promover una formaci\u00f3n para adquirir\u00a0una visi\u00f3n cr\u00edtica y dar herramientas operacionales para las tran<ins cite=\"mailto:Maria%20Amalia%20Lorda\" datetime=\"2020-09-24T11:02\">s<\/ins>formaciones de los territorios rurales<\/li><li>Formar profesionales con habilidades para implementar en el terreno una comprensi\u00f3n de la actividad agropecuaria y sus din\u00e1micas con base en ciencias humanas, sociales y biot\u00e9cnicas para el dise\u00f1o<br \/><br \/><\/li><\/ul><h5>DESTINATARIOS:<\/h5><p>Podr\u00e1n cursar la presente Maestr\u00eda, profesionales de\u00a0 disciplinas\u00a0 relacionadas al objeto de estudio con 4 a\u00f1os de duraci\u00f3n m\u00ednima<\/p><h5>CARACTERISTICAS DE LA MAESTR\u00cdA:<\/h5><ul><li>Una semana de curso cada uno\/dos meses, duraci\u00f3n total de 24 meses.<\/li><li>Elaboraci\u00f3n del trabajo de tesis desde el inicio de las actividades, con apoyo de un taller de tesis peri\u00f3dico.<\/li><li>Trabajo de tesis articulado a la situaci\u00f3n laboral de cada participante.<\/li><li>Abordaje interdisciplinario articulando ciencias humanas y ciencias biot\u00e9cnicas.<\/li><li>Cursos optativos dictados por profesores argentinos, franceses y brasile\u00f1os.<\/li><\/ul><\/div>\n\t\t\t\t<\/div>\n\t\t\t\t\t\t\t\t<\/div>\n\t\t\t\t<\/div>\n\t\t\t\t<\/div>\n\t\t\t\t\t<\/div>\n\t\t\t\t<\/div>\n\t\t\t\t<\/div>\n\t\t","protected":false},"excerpt":{"rendered":"<p>OFERTA ACAD\u00c9MICA DE POSGRADO OBJETIVOS DEL PROGRAMA DE POSGRADO El Programa de Posgrado del Departamento de Geograf\u00eda y Turismo tiene como objetivo la formaci\u00f3n de recursos humanos orientados a atender las crecientes exigencias de la actividad profesional en Geograf\u00eda, la investigaci\u00f3n cient\u00edfica &#8211; tecnol\u00f3gica y la docencia de nivel medio, terciario y superior universitaria.La oferta [&hellip;]<\/p>\n","protected":false},"author":1,"featured_media":0,"parent":0,"menu_order":0,"comment_status":"closed","ping_status":"closed","template":"","meta":{"footnotes":""},"_links":{"self":[{"href":"https:\/\/gota.uns.edu.ar\/index.php?rest_route=\/wp\/v2\/pages\/634"}],"collection":[{"href":"https:\/\/gota.uns.edu.ar\/index.php?rest_route=\/wp\/v2\/pages"}],"about":[{"href":"https:\/\/gota.uns.edu.ar\/index.php?rest_route=\/wp\/v2\/types\/page"}],"author":[{"embeddable":true,"href":"https:\/\/gota.uns.edu.ar\/index.php?rest_route=\/wp\/v2\/users\/1"}],"replies":[{"embeddable":true,"href":"https:\/\/gota.uns.edu.ar\/index.php?rest_route=%2Fwp%2Fv2%2Fcomments&post=634"}],"version-history":[{"count":16,"href":"https:\/\/gota.uns.edu.ar\/index.php?rest_route=\/wp\/v2\/pages\/634\/revisions"}],"predecessor-version":[{"id":829,"href":"https:\/\/gota.uns.edu.ar\/index.php?rest_route=\/wp\/v2\/pages\/634\/revisions\/829"}],"wp:attachment":[{"href":"https:\/\/gota.uns.edu.ar\/index.php?rest_route=%2Fwp%2Fv2%2Fmedia&parent=634"}],"curies":[{"name":"wp","href":"https:\/\/api.w.org\/{rel}","templated":true}]}}